{"id":90,"date":"2016-11-13T15:17:33","date_gmt":"2016-11-13T14:17:33","guid":{"rendered":"http:\/\/das-kloeppelmuseum.de\/?page_id=90"},"modified":"2017-04-21T13:45:30","modified_gmt":"2017-04-21T11:45:30","slug":"spitze-im-modernen-gewand","status":"publish","type":"page","link":"http:\/\/das-kloeppelmuseum.de\/en\/spitze-im-modernen-gewand\/","title":{"rendered":"Spitze im modernen Gewand"},"content":{"rendered":"<p><strong><u>&#8220;Mode macht Mut&#8221; in Bamberg pr\u00e4sentiert Arbeiten der Kl\u00f6ppelschule Nordhalben<\/u><\/strong>\r\n\r\n<p><strong>\u00a0<a href=\"http:\/\/das-kloeppelmuseum.de\/wp-content\/uploads\/2016\/11\/Einladung-Mode-macht-Mut.jpg\"><img loading=\"lazy\" decoding=\"async\" class=\"alignnone wp-image-1783 size-full\" src=\"http:\/\/das-kloeppelmuseum.de\/wp-content\/uploads\/2016\/11\/Einladung-Mode-macht-Mut.jpg\" width=\"1640\" height=\"630\" srcset=\"http:\/\/das-kloeppelmuseum.de\/wp-content\/uploads\/2016\/11\/Einladung-Mode-macht-Mut.jpg 1640w, http:\/\/das-kloeppelmuseum.de\/wp-content\/uploads\/2016\/11\/Einladung-Mode-macht-Mut-200x77.jpg 200w, http:\/\/das-kloeppelmuseum.de\/wp-content\/uploads\/2016\/11\/Einladung-Mode-macht-Mut-768x295.jpg 768w, http:\/\/das-kloeppelmuseum.de\/wp-content\/uploads\/2016\/11\/Einladung-Mode-macht-Mut-1024x393.jpg 1024w\" sizes=\"auto, (max-width: 1640px) 100vw, 1640px\" \/><\/a><\/strong>\r\n\r\n<p><strong>Das ist Spitze! Traditionelles Kunsthandwerk im zeitgen\u00f6ssischen Gewand<\/strong>\r\n\r\n<p>Um 1900 wurde die Kl\u00f6ppelschule Nordhalben gegr\u00fcndet. Sie existiert noch heute mit einem zugeh\u00f6rigen Museum.\r\n\r\n<p>Mode macht Mut bereitet sich derzeit zusammen mit der Maria-Ward-Schule auf die gro\u00dfe Modenschau im Mai vor. Blumen und Kr\u00e4uter werden auf den Kleidungsst\u00fccken erbl\u00fchen. Auch in Form von gekl\u00f6ppelter Spitze aus Nordhalben.\r\n\r\n<p>Wir pr\u00e4sentieren Arbeiten der Kl\u00f6ppelschule mit Vorf\u00fchrung ihrer Herstellung und der M\u00f6glichkeit, sich selbst am Kl\u00f6ppelkissen auszuprobieren.\r\n\r\n<p>Collagen, Blumenzeichnungen und Modeentw\u00fcrfe der Maria-Ward-Sch\u00fclerinnen sowie Proben des eigens bedruckten Stoffes geben einen Ausblick auf die Kollektion zur Modenschau.\r\n\r\n<strong>\u00a0<\/strong>\r\n\r\n<p><strong>Vernissage: Donnerstag, 9. M\u00e4rz 2017, 18:30 Uhr<\/strong><br>\r\n\r\nAkkordeonmusik live und Buffet begleiten den Abend.<br>\r\n\r\n<strong>Ausstellung: 9.3. &#8211; 31.3.17, Mo-Fr: 10-18 Uhr<\/strong><br>\r\n\r\n<strong>Mode macht Mut, Luitpoldstra\u00dfe 25, Bamberg<\/strong>","protected":false},"excerpt":{"rendered":"<p>&#8220;Mode macht Mut&#8221; in Bamberg pr\u00e4sentiert Arbeiten der Kl\u00f6ppelschule Nordhalben \u00a0 Das ist Spitze! Traditionelles Kunsthandwerk im zeitgen\u00f6ssischen Gewand Um 1900 wurde die Kl\u00f6ppelschule Nordhalben gegr\u00fcndet. Sie existiert noch heute mit einem zugeh\u00f6rigen Museum. Mode macht Mut bereitet sich derzeit zusammen mit der Maria-Ward-Schule auf die gro\u00dfe Modenschau im Mai vor. Blumen und Kr\u00e4uter werden&hellip;<\/p>\n","protected":false},"author":1,"featured_media":0,"parent":0,"menu_order":0,"comment_status":"closed","ping_status":"closed","template":"","meta":{"footnotes":""},"class_list":["post-90","page","type-page","status-publish","hentry","no-post-thumbnail","post-grid-2-col","entry"],"_links":{"self":[{"href":"http:\/\/das-kloeppelmuseum.de\/en\/wp-json\/wp\/v2\/pages\/90","targetHints":{"allow":["GET"]}}],"collection":[{"href":"http:\/\/das-kloeppelmuseum.de\/en\/wp-json\/wp\/v2\/pages"}],"about":[{"href":"http:\/\/das-kloeppelmuseum.de\/en\/wp-json\/wp\/v2\/types\/page"}],"author":[{"embeddable":true,"href":"http:\/\/das-kloeppelmuseum.de\/en\/wp-json\/wp\/v2\/users\/1"}],"replies":[{"embeddable":true,"href":"http:\/\/das-kloeppelmuseum.de\/en\/wp-json\/wp\/v2\/comments?post=90"}],"version-history":[{"count":22,"href":"http:\/\/das-kloeppelmuseum.de\/en\/wp-json\/wp\/v2\/pages\/90\/revisions"}],"predecessor-version":[{"id":2257,"href":"http:\/\/das-kloeppelmuseum.de\/en\/wp-json\/wp\/v2\/pages\/90\/revisions\/2257"}],"wp:attachment":[{"href":"http:\/\/das-kloeppelmuseum.de\/en\/wp-json\/wp\/v2\/media?parent=90"}],"curies":[{"name":"wp","href":"https:\/\/api.w.org\/{rel}","templated":true}]}}