{"id":258,"date":"2016-11-16T20:06:43","date_gmt":"2016-11-16T19:06:43","guid":{"rendered":"http:\/\/das-kloeppelmuseum.de\/?page_id=258"},"modified":"2017-04-20T20:22:05","modified_gmt":"2017-04-20T18:22:05","slug":"deutsche-kloeppelverband-e-v","status":"publish","type":"page","link":"http:\/\/das-kloeppelmuseum.de\/en\/deutsche-kloeppelverband-e-v\/","title":{"rendered":"Der Deutsche Kl\u00f6ppelverband e.V."},"content":{"rendered":"<p>Kl\u00f6ppeln ist seit dem 16. Jahrhundert in Deutschland bekannt. Erzgebirge, Harz, Frankenwald,\r\nSchw\u00e4bische Alb, Oberpfalz, Mark Brandenburg, Schleswig-Holstein, Liebenau (bei Hannover),\r\nAbenberg (bei N\u00fcrnberg) und Nordhalben waren deutsche Kl\u00f6ppelzentren und sind es zum Teil heute noch.<\/p>\r\n\r\n<p><strong>1983 wurde\u00a0der Deutsche Kl\u00f6ppelverband e.V. auf Initiative von Sigrid Daum, der\u00a0damaligen Kl\u00f6ppelschulleiterin,\u00a0in Nordhalben gegr\u00fcndet.<\/strong><\/p>\r\n\r\n<p>Der Verband\u00a0hat inzwischen ca. 3000 Mitglieder, so dass man heute mit \u00fcber 10 000 aktiven Kl\u00f6pplerinnen in Deutschland rechnen kann.<\/p>\r\n\r\n<p><span style=\"font-size: x-large;\">\u00a0<a href=\"http:\/\/www.deutscher-kloeppelverband.de\/\" target=\"_blank\">Der Deutsche Kl\u00f6ppelverband e.V.<\/a><\/span><\/p>\r\n\r\n&nbsp;\r\n\r\n&nbsp;","protected":false},"excerpt":{"rendered":"<p>Kl\u00f6ppeln ist seit dem 16. Jahrhundert in Deutschland bekannt. Erzgebirge, Harz, Frankenwald, Schw\u00e4bische Alb, Oberpfalz, Mark Brandenburg, Schleswig-Holstein, Liebenau (bei Hannover), Abenberg (bei N\u00fcrnberg) und Nordhalben waren deutsche Kl\u00f6ppelzentren und sind es zum Teil heute noch. 1983 wurde\u00a0der Deutsche Kl\u00f6ppelverband e.V. auf Initiative von Sigrid Daum, der\u00a0damaligen Kl\u00f6ppelschulleiterin,\u00a0in Nordhalben gegr\u00fcndet. Der Verband\u00a0hat inzwischen ca. 3000&hellip;<\/p>\n","protected":false},"author":1,"featured_media":0,"parent":0,"menu_order":0,"comment_status":"closed","ping_status":"closed","template":"","meta":{"footnotes":""},"class_list":["post-258","page","type-page","status-publish","hentry","no-post-thumbnail","post-grid-2-col","entry"],"_links":{"self":[{"href":"http:\/\/das-kloeppelmuseum.de\/en\/wp-json\/wp\/v2\/pages\/258","targetHints":{"allow":["GET"]}}],"collection":[{"href":"http:\/\/das-kloeppelmuseum.de\/en\/wp-json\/wp\/v2\/pages"}],"about":[{"href":"http:\/\/das-kloeppelmuseum.de\/en\/wp-json\/wp\/v2\/types\/page"}],"author":[{"embeddable":true,"href":"http:\/\/das-kloeppelmuseum.de\/en\/wp-json\/wp\/v2\/users\/1"}],"replies":[{"embeddable":true,"href":"http:\/\/das-kloeppelmuseum.de\/en\/wp-json\/wp\/v2\/comments?post=258"}],"version-history":[{"count":24,"href":"http:\/\/das-kloeppelmuseum.de\/en\/wp-json\/wp\/v2\/pages\/258\/revisions"}],"predecessor-version":[{"id":2234,"href":"http:\/\/das-kloeppelmuseum.de\/en\/wp-json\/wp\/v2\/pages\/258\/revisions\/2234"}],"wp:attachment":[{"href":"http:\/\/das-kloeppelmuseum.de\/en\/wp-json\/wp\/v2\/media?parent=258"}],"curies":[{"name":"wp","href":"https:\/\/api.w.org\/{rel}","templated":true}]}}