{"id":2371,"date":"2017-05-08T22:21:31","date_gmt":"2017-05-08T20:21:31","guid":{"rendered":"http:\/\/das-kloeppelmuseum.de\/?page_id=2371"},"modified":"2017-05-08T23:31:24","modified_gmt":"2017-05-08T21:31:24","slug":"das-kloeppelmuseum-als-spitzen-botschafter-in-bamberg","status":"publish","type":"page","link":"http:\/\/das-kloeppelmuseum.de\/en\/das-kloeppelmuseum-als-spitzen-botschafter-in-bamberg\/","title":{"rendered":"DAS Kl\u00f6ppelmuseum als Spitzen-Botschafter in Bamberg"},"content":{"rendered":"<p>Am Samstag, 6.5.2017 war in Bamberg in \u201eMode Macht Mut\u201c f\u00fcr \u201eDAS Kl\u00f6ppelmuseum\u201c Premiere.<\/p>\r\n\r\n\n\t\t<div id='gallery-1' class='gallery galleryid-2371 gallery-columns-4 gallery-size-thumbnail gallery1'><script type=\"text\/javascript\">\r\n\/\/ <![CDATA[\r\n\tjQuery(document).ready(function () {\r\n\t\tjQuery(\".gallery1 a\").attr(\"rel\",\"gallery1\");\t\r\n\t\tjQuery('a[rel=\"gallery1\"]').colorbox({maxWidth:\"95%\", maxHeight:\"95%\",title: function(){ return jQuery(this).children().attr(\"alt\"); }, });\r\n\t});\r\n\/\/ ]]>\r\n<\/script>\n<figure class=\"gallery-item\">\n<div class=\"gallery-icon\">\r\n<a href=\"http:\/\/das-kloeppelmuseum.de\/wp-content\/uploads\/2017\/05\/ba-bild-33-1.jpg\" title=\"Kursteilnehmerinnen mit Beate Agten\" rel=\"gallery1\"><img loading=\"lazy\" decoding=\"async\" src=\"http:\/\/das-kloeppelmuseum.de\/wp-content\/uploads\/2017\/05\/ba-bild-33-1-150x150.jpg\" width=\"150\" height=\"150\" alt=\"Kursteilnehmerinnen mit Beate Agten\" \/><\/a>\r\n<\/div><figcaption class=\"gallery-caption\" id=\"caption2384\"><span class=\"imagecaption\">Kursteilnehmerinnen mit Beate Agten<\/span><br \/>\n<\/figcaption><\/figure><figure class=\"gallery-item\">\n<div class=\"gallery-icon\">\r\n<a href=\"http:\/\/das-kloeppelmuseum.de\/wp-content\/uploads\/2017\/05\/ba-bild-11.jpg\" title=\"so lernt man das Kl\u00f6ppeln\" rel=\"gallery1\"><img loading=\"lazy\" decoding=\"async\" src=\"http:\/\/das-kloeppelmuseum.de\/wp-content\/uploads\/2017\/05\/ba-bild-11-150x150.jpg\" width=\"150\" height=\"150\" alt=\"so lernt man das Kl\u00f6ppeln\" \/><\/a>\r\n<\/div><figcaption class=\"gallery-caption\" id=\"caption2380\"><span class=\"imagecaption\">so lernt man das Kl\u00f6ppeln<\/span><br \/>\n<\/figcaption><\/figure><figure class=\"gallery-item\">\n<div class=\"gallery-icon\">\r\n<a href=\"http:\/\/das-kloeppelmuseum.de\/wp-content\/uploads\/2017\/05\/ba-bild-22.jpg\" title=\"die beiden \u00e4ltesten Teilnehmerinnen mit Margarete Wunder-Blinzler\" rel=\"gallery1\"><img loading=\"lazy\" decoding=\"async\" src=\"http:\/\/das-kloeppelmuseum.de\/wp-content\/uploads\/2017\/05\/ba-bild-22-150x150.jpg\" width=\"150\" height=\"150\" alt=\"die beiden \u00e4ltesten Teilnehmerinnen mit Margarete Wunder-Blinzler\" \/><\/a>\r\n<\/div><figcaption class=\"gallery-caption\" id=\"caption2381\"><span class=\"imagecaption\">die beiden \u00e4ltesten Teilnehmerinnen mit Margarete Wunder-Blinzler<\/span><br \/>\n<\/figcaption><\/figure><figure class=\"gallery-item\">\n<div class=\"gallery-icon\">\r\n<a href=\"http:\/\/das-kloeppelmuseum.de\/wp-content\/uploads\/2017\/05\/ba-bild-44.jpg\" title=\"die Ergebnisse\" rel=\"gallery1\"><img loading=\"lazy\" decoding=\"async\" src=\"http:\/\/das-kloeppelmuseum.de\/wp-content\/uploads\/2017\/05\/ba-bild-44-150x150.jpg\" width=\"150\" height=\"150\" alt=\"die Ergebnisse\" \/><\/a>\r\n<\/div><figcaption class=\"gallery-caption\" id=\"caption2383\"><span class=\"imagecaption\">die Ergebnisse<\/span><br \/>\n<\/figcaption><\/figure>\r\n\t\t<\/div>\n\r\n\r\n&nbsp;\r\n\r\n<p>Wir boten einen Schnupperkurs im Kl\u00f6ppeln an und wurden vom Interesse am Kunsthandwerk ehrlich \u00fcberrascht. Die ausschlie\u00dflich weiblichen Teilnehmer kamen nicht nur aus Bamberg und Umgebung, auch aus W\u00fcrzburg und N\u00fcrnberg reisten sie an. Von 11 Uhr bis 16 Uhr war der Kurs ausgeschrieben, die letzten Nadeln konnten dann doch erst gegen 17 Uhr aus den fertigen Arbeiten gezogen werden.\r\nDie Ergebnisse k\u00f6nnen sich daf\u00fcr sehen lassen.<\/p>\r\n\r\n<p>Dieser Kurs hat wiederholt bewiesen, das Kl\u00f6ppeln in jedem Alter erlernbar ist. Neben j\u00fcngeren Teilnehmerinnen waren auch 2 Frauen mit \u00fcber 83 Jahren dabei, sich im Drehen und Kreuzen der F\u00e4den zu \u00fcben.<\/p>\r\n\r\n<p>Unter fachkundiger Anleitung der Leiterin der Nordhalbener Einrichtung Beate Agten und Elisabeth Gareis und Margarete Wunder-Blinzler vom Vorstand des Kl\u00f6ppelschulf\u00f6rdervereins Nordhalben e.V.\r\nverbrachten alle einen anstrengenden aber sehr sch\u00f6nen Nachmittag in Bamberg.<\/p>\r\n\r\n<p>F\u00fcr Interessenten gibt es weitere Kursangebote dann in Nordhalben.<\/p>\r\n<h2 style=\"text-align: center;\"><em><strong><a href=\"http:\/\/das-kloeppelmuseum.de\/workshops\/\">Kursplaner \u00f6ffnen\u00a0<\/a><\/strong><\/em><\/h2>","protected":false},"excerpt":{"rendered":"<p>Am Samstag, 6.5.2017 war in Bamberg in \u201eMode Macht Mut\u201c f\u00fcr \u201eDAS Kl\u00f6ppelmuseum\u201c Premiere. &nbsp; Wir boten einen Schnupperkurs im Kl\u00f6ppeln an und wurden vom Interesse am Kunsthandwerk ehrlich \u00fcberrascht. Die ausschlie\u00dflich weiblichen Teilnehmer kamen nicht nur aus Bamberg und Umgebung, auch aus W\u00fcrzburg und N\u00fcrnberg reisten sie an. Von 11 Uhr bis 16 Uhr&hellip;<\/p>\n","protected":false},"author":1,"featured_media":0,"parent":0,"menu_order":0,"comment_status":"closed","ping_status":"closed","template":"","meta":{"footnotes":""},"class_list":["post-2371","page","type-page","status-publish","hentry","no-post-thumbnail","post-grid-2-col","entry"],"_links":{"self":[{"href":"http:\/\/das-kloeppelmuseum.de\/en\/wp-json\/wp\/v2\/pages\/2371","targetHints":{"allow":["GET"]}}],"collection":[{"href":"http:\/\/das-kloeppelmuseum.de\/en\/wp-json\/wp\/v2\/pages"}],"about":[{"href":"http:\/\/das-kloeppelmuseum.de\/en\/wp-json\/wp\/v2\/types\/page"}],"author":[{"embeddable":true,"href":"http:\/\/das-kloeppelmuseum.de\/en\/wp-json\/wp\/v2\/users\/1"}],"replies":[{"embeddable":true,"href":"http:\/\/das-kloeppelmuseum.de\/en\/wp-json\/wp\/v2\/comments?post=2371"}],"version-history":[{"count":17,"href":"http:\/\/das-kloeppelmuseum.de\/en\/wp-json\/wp\/v2\/pages\/2371\/revisions"}],"predecessor-version":[{"id":2401,"href":"http:\/\/das-kloeppelmuseum.de\/en\/wp-json\/wp\/v2\/pages\/2371\/revisions\/2401"}],"wp:attachment":[{"href":"http:\/\/das-kloeppelmuseum.de\/en\/wp-json\/wp\/v2\/media?parent=2371"}],"curies":[{"name":"wp","href":"https:\/\/api.w.org\/{rel}","templated":true}]}}